{"id":18837,"date":"2018-01-30T12:07:02","date_gmt":"2018-01-30T12:07:02","guid":{"rendered":"https:\/\/memoriahistorica.dival.es\/recursos\/subvenciones\/"},"modified":"2026-01-08T10:27:09","modified_gmt":"2026-01-08T09:27:09","slug":"subvencions","status":"publish","type":"page","link":"https:\/\/memoriahistorica.dival.es\/val\/becas-y-subvenciones\/subvencions\/","title":{"rendered":"Subvencions"},"content":{"rendered":"\n<p>La concessi\u00f3 de subvencions \u00e9s una de les ferramentes b\u00e0siques emprades per la Delegaci\u00f3 de Mem\u00f2ria Democr\u00e0tica de la Diputaci\u00f3 de Val\u00e8ncia per al foment de les seues pol\u00edtiques p\u00fabliques. Amb elles es pret\u00e9n donar resposta a demandes socials i econ\u00f2miques d&#8217;associacions de familiars de v\u00edctimes, col\u00b7lectius i ajuntaments en l&#8217;\u00e0mbit de la mem\u00f2ria hist\u00f2rica, alhora que afavorir el desenrotllament i compliment de les lleis de Mem\u00f2ria Democr\u00e0tica de l&#8217;Estat espanyol i de Conc\u00f2rdia de la Comunitat Valenciana.<\/p>\n\n\n\n<p>Amb elles es tracta de pal\u00b7liar la dificultat, i fins i tot impossibilitat, d&#8217;estos sectors per a fer front a actuacions que consideren priorit\u00e0ries, per\u00f2 per a les quals manquen de recursos. \u00c9s per aix\u00f2 que les subvencions atorgades tendixen a cobrir el cost de l&#8217;actuaci\u00f3 \u00edntegrament o, en defecte d&#8217;aix\u00f2, fins al 80% del cost subvencionable dels projectes presentats.<\/p>\n\n\n\n<p><\/p>\n","protected":false},"excerpt":{"rendered":"<p>La concessi\u00f3 de subvencions \u00e9s una de les ferramentes b\u00e0siques emprades per la Delegaci\u00f3 de Mem\u00f2ria Democr\u00e0tica de la Diputaci\u00f3 &#8230;<\/p>\n","protected":false},"author":1,"featured_media":0,"parent":19392,"menu_order":92,"comment_status":"closed","ping_status":"closed","template":"template-subvenciones.php","meta":{"_acf_changed":false,"footnotes":""},"class_list":["post-18837","page","type-page","status-publish","hentry"],"acf":[],"_links":{"self":[{"href":"https:\/\/memoriahistorica.dival.es\/val\/wp-json\/wp\/v2\/pages\/18837","targetHints":{"allow":["GET"]}}],"collection":[{"href":"https:\/\/memoriahistorica.dival.es\/val\/wp-json\/wp\/v2\/pages"}],"about":[{"href":"https:\/\/memoriahistorica.dival.es\/val\/wp-json\/wp\/v2\/types\/page"}],"author":[{"embeddable":true,"href":"https:\/\/memoriahistorica.dival.es\/val\/wp-json\/wp\/v2\/users\/1"}],"replies":[{"embeddable":true,"href":"https:\/\/memoriahistorica.dival.es\/val\/wp-json\/wp\/v2\/comments?post=18837"}],"version-history":[{"count":5,"href":"https:\/\/memoriahistorica.dival.es\/val\/wp-json\/wp\/v2\/pages\/18837\/revisions"}],"predecessor-version":[{"id":27498,"href":"https:\/\/memoriahistorica.dival.es\/val\/wp-json\/wp\/v2\/pages\/18837\/revisions\/27498"}],"up":[{"embeddable":true,"href":"https:\/\/memoriahistorica.dival.es\/val\/wp-json\/wp\/v2\/pages\/19392"}],"wp:attachment":[{"href":"https:\/\/memoriahistorica.dival.es\/val\/wp-json\/wp\/v2\/media?parent=18837"}],"curies":[{"name":"wp","href":"https:\/\/api.w.org\/{rel}","templated":true}]}}